{"id":67,"date":"2025-01-30T02:25:28","date_gmt":"2025-01-30T01:25:28","guid":{"rendered":"https:\/\/pfingstgemeinde-duisburg.de\/?page_id=67"},"modified":"2025-02-02T01:36:47","modified_gmt":"2025-02-02T00:36:47","slug":"home","status":"publish","type":"page","link":"https:\/\/pfingstgemeinde-duisburg.de\/","title":{"rendered":"Home"},"content":{"rendered":"<p>[et_pb_section fb_built=&#8221;1&#8243; admin_label=&#8221;Header&#8221; _builder_version=&#8221;4.27.4&#8243; _module_preset=&#8221;93fc173a-8ddb-4895-b0ef-bfcf1d5f7dc6&#8243; background_color_gradient_stops=&#8221;#ffffff 0%|rgba(255, 255, 255, 0.16) 9%|rgba(255,255,255,0.12) 67%|#000000 97%&#8221; background_image=&#8221;https:\/\/pfingstgemeinde-duisburg.de\/wp-content\/uploads\/2019\/09\/dm4wqPFQ.jpeg&#8221; background_position=&#8221;bottom_center&#8221; min_height=&#8221;873.8px&#8221; custom_padding=&#8221;26px||108px||false|false&#8221; collapsed=&#8221;on&#8221; global_colors_info=&#8221;{}&#8221;][et_pb_row _builder_version=&#8221;4.25.2&#8243; _module_preset=&#8221;default&#8221; custom_margin=&#8221;1vw|auto|1vw|auto|true|false&#8221; custom_padding=&#8221;||||false&#8221; global_colors_info=&#8221;{}&#8221;][et_pb_column type=&#8221;4_4&#8243; _builder_version=&#8221;4.25.1&#8243; _module_preset=&#8221;default&#8221; global_colors_info=&#8221;{}&#8221;][et_pb_heading title=&#8221;Pfingstgemeinde Duisburg&#8221; _builder_version=&#8221;4.27.4&#8243; _module_preset=&#8221;5cc275b2-b54a-44e7-a32c-abf79622799f&#8221; title_font=&#8221;|600|||||||&#8221; title_text_align=&#8221;center&#8221; title_text_color=&#8221;#00aeef&#8221; custom_margin=&#8221;||10px||false|false&#8221; title_text_shadow_style=&#8221;preset1&#8243; title_text_shadow_vertical_length=&#8221;0.05em&#8221; title_text_shadow_blur_strength=&#8221;0.13em&#8221; title_text_shadow_color=&#8221;#FFFFFF&#8221; global_colors_info=&#8221;{}&#8221;][\/et_pb_heading][et_pb_text _builder_version=&#8221;4.27.4&#8243; _module_preset=&#8221;6efb6bbd-12a1-4834-b469-9798f4a40b40&#8243; header_4_text_color=&#8221;#FFFFFF&#8221; text_orientation=&#8221;center&#8221; global_colors_info=&#8221;{}&#8221;]<\/p>\n<h4 style=\"text-align: center;\">Apostolisch in der Lehre &#8211; Pfingstlich in der Anbetung &#8211; Christus\u00e4hnlich in der Liebe<\/h4>\n<p>[\/et_pb_text][\/et_pb_column][\/et_pb_row][et_pb_row column_structure=&#8221;1_3,1_3,1_3&#8243; make_equal=&#8221;on&#8221; disabled_on=&#8221;on|on|on&#8221; _builder_version=&#8221;4.27.4&#8243; _module_preset=&#8221;default&#8221; disabled=&#8221;on&#8221; global_colors_info=&#8221;{}&#8221;][et_pb_column type=&#8221;1_3&#8243; _builder_version=&#8221;4.27.4&#8243; _module_preset=&#8221;52115fba-d092-4238-883d-5957f46de4ce&#8221; background_color=&#8221;rgba(255,255,255,0.8)&#8221; global_colors_info=&#8221;{}&#8221;][et_pb_number_counter number=&#8221;15M&#8221; percent_sign=&#8221;off&#8221; _builder_version=&#8221;4.25.2&#8243; _module_preset=&#8221;2bab2e0f-7a9f-45ec-8fb2-336fbaaa4e3c&#8221; text_orientation=&#8221;left&#8221; global_colors_info=&#8221;{%22gcid-1f1b4e15-7cc6-4e13-8154-74d77a956460%22:%91%22quote_border_color%22,%22link_text_color%22,%22quote_text_color%22,%22number_text_color%22%93}&#8221;][\/et_pb_number_counter][et_pb_heading title=&#8221;$ Raised for the Sea&#8221; _builder_version=&#8221;4.25.2&#8243; _module_preset=&#8221;59f599c4-b01e-4a9b-a0a5-f7b3e354c75a&#8221; title_text_color=&#8221;gcid-primary-color&#8221; custom_margin=&#8221;||10px||false|false&#8221; global_colors_info=&#8221;{%22gcid-primary-color%22:%91%22title_text_color%22%93}&#8221;][\/et_pb_heading][et_pb_text _builder_version=&#8221;4.25.2&#8243; _module_preset=&#8221;6efb6bbd-12a1-4834-b469-9798f4a40b40&#8243; global_colors_info=&#8221;{}&#8221;]<\/p>\n<p>We have recycled 75% of the waste from our clean-up initiatives, significantly reducing ocean plastic and pollutants.<\/p>\n<p>[\/et_pb_text][\/et_pb_column][et_pb_column type=&#8221;1_3&#8243; _builder_version=&#8221;4.27.4&#8243; _module_preset=&#8221;b2afa376-ca13-4be9-8294-3d2b586e8a03&#8243; background_color=&#8221;rgba(0,174,239,0.8)&#8221; global_colors_info=&#8221;{}&#8221;][et_pb_icon font_icon=&#8221;&#xf4c1;||fa||900&#8243; icon_color=&#8221;#FFFFFF&#8221; align=&#8221;left&#8221; _builder_version=&#8221;4.25.2&#8243; _module_preset=&#8221;default&#8221; global_colors_info=&#8221;{}&#8221;][\/et_pb_icon][et_pb_heading title=&#8221;Research and Innovation&#8221; _builder_version=&#8221;4.25.2&#8243; _module_preset=&#8221;59f599c4-b01e-4a9b-a0a5-f7b3e354c75a&#8221; title_text_color=&#8221;#FFFFFF&#8221; custom_margin=&#8221;||10px||false|false&#8221; global_colors_info=&#8221;{}&#8221;][\/et_pb_heading][et_pb_text _builder_version=&#8221;4.25.2&#8243; _module_preset=&#8221;a4d5bd0b-c6df-4efa-93df-b960974f4af4&#8243;]<\/p>\n<p>Showcasing ongoing research projects, technological innovations to ocean preservation.<\/p>\n<p>[\/et_pb_text][\/et_pb_column][et_pb_column type=&#8221;1_3&#8243; _builder_version=&#8221;4.27.4&#8243; _module_preset=&#8221;default&#8221; background_color=&#8221;RGBA(255,255,255,0)&#8221; global_colors_info=&#8221;{}&#8221;][et_pb_image src=&#8221;https:\/\/pfingstgemeinde-duisburg.de\/wp-content\/uploads\/2025\/01\/non-profit-16.jpg&#8221; title_text=&#8221;non-profit-16&#8243; _builder_version=&#8221;4.25.2&#8243; _module_preset=&#8221;da67ba06-0b57-4aa2-8cc1-fc814cab47ba&#8221; global_colors_info=&#8221;{}&#8221;][\/et_pb_image][et_pb_button button_text=&#8221;Make a Donation&#8221; button_alignment=&#8221;center&#8221; _builder_version=&#8221;4.25.2&#8243; _module_preset=&#8221;ad1327f9-53bb-4a56-8866-b634379242f6&#8243; custom_css_main_element=&#8221;width: 100%&#8221; global_colors_info=&#8221;{}&#8221;][\/et_pb_button][\/et_pb_column][\/et_pb_row][\/et_pb_section][et_pb_section fb_built=&#8221;1&#8243; admin_label=&#8221;Mission&#8221; _builder_version=&#8221;4.27.4&#8243; _module_preset=&#8221;5ca0172d-92d0-465d-bd0d-1f5afa9d3ac6&#8243; background_color=&#8221;#000000&#8243; custom_margin=&#8221;||||false&#8221; custom_padding=&#8221;5vw||5vw||true|false&#8221; collapsed=&#8221;on&#8221; global_colors_info=&#8221;{%22gcid-1f1bf5fb-a99d-4acc-8d9e-ddac074c158c%22:%91%22background_color_gradient_stops%22%93,%22gcid-a78660e1-cfc7-4771-a566-6834d6a7f06a%22:%91%22background_color_gradient_stops%22%93,%22gcid-24b0db87-dafa-47d9-995f-b90181e18c52%22:%91%22background_color_gradient_stops%22%93}&#8221;][et_pb_row _builder_version=&#8221;4.25.1&#8243; _module_preset=&#8221;default&#8221; max_width=&#8221;900px&#8221; global_colors_info=&#8221;{}&#8221;][et_pb_column type=&#8221;4_4&#8243; _builder_version=&#8221;4.25.1&#8243; _module_preset=&#8221;default&#8221; global_colors_info=&#8221;{}&#8221;][et_pb_heading title=&#8221;Unsere Mission&#8221; _builder_version=&#8221;4.27.4&#8243; _module_preset=&#8221;9c893687-ec67-4d71-bd14-51846ddf40ec&#8221; title_text_align=&#8221;center&#8221; title_text_color=&#8221;gcid-secondary-color&#8221; global_colors_info=&#8221;{%22gcid-secondary-color%22:%91%22title_text_color%22%93}&#8221;][\/et_pb_heading][et_pb_heading title=&#8221;Jesus Christus: Erh\u00f6ht &#8211; Offenbart &#8211; Gelehrt&#8221; _builder_version=&#8221;4.27.4&#8243; _module_preset=&#8221;f227339e-7765-464e-a406-f347a16a3e1c&#8221; title_text_align=&#8221;center&#8221; title_text_color=&#8221;#FFFFFF&#8221; global_colors_info=&#8221;{}&#8221;][\/et_pb_heading][et_pb_text _builder_version=&#8221;4.27.4&#8243; _module_preset=&#8221;default&#8221; header_4_text_color=&#8221;#FFFFFF&#8221; global_colors_info=&#8221;{}&#8221;]<\/p>\n<h4 style=\"text-align: center;\">Wir kommen zusammen als Gemeinde um uns gegenseitig zu st\u00e4rken &#8211; in dem Fundament: dem Wort Gottes.<\/h4>\n<p>[\/et_pb_text][\/et_pb_column][\/et_pb_row][\/et_pb_section][et_pb_section fb_built=&#8221;1&#8243; admin_label=&#8221;Call to Action&#8221; _builder_version=&#8221;4.27.4&#8243; _module_preset=&#8221;default&#8221; background_enable_color=&#8221;off&#8221; background_image=&#8221;https:\/\/pfingstgemeinde-duisburg.de\/wp-content\/uploads\/2025\/01\/Duisburg-innenhafen-daemmerung.png&#8221; parallax=&#8221;on&#8221; custom_margin=&#8221;||||false&#8221; custom_padding=&#8221;2vw||2vw||true|false&#8221; top_divider_style=&#8221;arrow2&#8243; top_divider_color=&#8221;#000000&#8243; top_divider_height=&#8221;41px&#8221; collapsed=&#8221;on&#8221; global_colors_info=&#8221;{}&#8221;][et_pb_row column_structure=&#8221;1_2,1_2&#8243; _builder_version=&#8221;4.27.4&#8243; _module_preset=&#8221;default&#8221; global_colors_info=&#8221;{}&#8221;][et_pb_column type=&#8221;1_2&#8243; _builder_version=&#8221;4.25.1&#8243; _module_preset=&#8221;default&#8221; global_colors_info=&#8221;{}&#8221;][\/et_pb_column][et_pb_column type=&#8221;1_2&#8243; _builder_version=&#8221;4.27.4&#8243; _module_preset=&#8221;b7833b95-2e9d-4a64-a14a-e265ab475b11&#8243; background_color=&#8221;#00aeef&#8221; use_background_color_gradient=&#8221;on&#8221; background_color_gradient_stops=&#8221;#ffffff 0%|#00aeef 5%|rgba(5, 177, 231, 1) 84%|#ffffff 100%&#8221; global_colors_info=&#8221;{}&#8221;][et_pb_heading title=&#8221;Viele Kulturen &#8211; Ein Herr: Jesus Christus&#8221; _builder_version=&#8221;4.27.4&#8243; _module_preset=&#8221;f227339e-7765-464e-a406-f347a16a3e1c&#8221; title_text_align=&#8221;center&#8221; title_text_color=&#8221;#FFFFFF&#8221; custom_margin=&#8221;||10px||false|false&#8221; global_colors_info=&#8221;{}&#8221;][\/et_pb_heading][et_pb_text _builder_version=&#8221;4.27.4&#8243; _module_preset=&#8221;a4d5bd0b-c6df-4efa-93df-b960974f4af4&#8243; text_orientation=&#8221;center&#8221;]<\/p>\n<p>Wir kommen aus unterschiedlichen L\u00e4ndern, wohnen aber in der selben Stadt, und kommen zusammen in der Einheit unter Jesus Christus.\u00a0 Seine Liebe bindet uns zusammen!<\/p>\n<p>[\/et_pb_text][\/et_pb_column][\/et_pb_row][\/et_pb_section][et_pb_section fb_built=&#8221;1&#8243; admin_label=&#8221;Programs&#8221; _builder_version=&#8221;4.27.4&#8243; _module_preset=&#8221;default&#8221; use_background_color_gradient=&#8221;on&#8221; background_color_gradient_stops=&#8221;#959ba1 4%|#ffffff 19%&#8221; collapsed=&#8221;on&#8221; global_colors_info=&#8221;{}&#8221;][et_pb_row _builder_version=&#8221;4.25.1&#8243; _module_preset=&#8221;default&#8221; global_colors_info=&#8221;{}&#8221;][et_pb_column type=&#8221;4_4&#8243; _builder_version=&#8221;4.25.1&#8243; _module_preset=&#8221;default&#8221; global_colors_info=&#8221;{}&#8221;][et_pb_heading title=&#8221;Dienste&#8221; _builder_version=&#8221;4.27.4&#8243; _module_preset=&#8221;9c893687-ec67-4d71-bd14-51846ddf40ec&#8221; title_text_color=&#8221;gcid-primary-color&#8221; custom_margin=&#8221;||0px||false|false&#8221; global_colors_info=&#8221;{%22gcid-primary-color%22:%91%22title_text_color%22%93}&#8221;][\/et_pb_heading][et_pb_heading title=&#8221;Ein Einblick ins Gemeindeleben&#8221; _builder_version=&#8221;4.27.4&#8243; _module_preset=&#8221;0282dd0d-8e79-4977-96d2-ef98d6d3d069&#8243; global_colors_info=&#8221;{}&#8221;][\/et_pb_heading][\/et_pb_column][\/et_pb_row][et_pb_row column_structure=&#8221;1_4,1_4,1_4,1_4&#8243; _builder_version=&#8221;4.25.1&#8243; _module_preset=&#8221;default&#8221; global_colors_info=&#8221;{}&#8221;][et_pb_column type=&#8221;1_4&#8243; _builder_version=&#8221;4.25.1&#8243; _module_preset=&#8221;default&#8221; global_colors_info=&#8221;{}&#8221;][et_pb_image src=&#8221;https:\/\/pfingstgemeinde-duisburg.de\/wp-content\/uploads\/2025\/02\/Img-2025-01-31-56.jpeg&#8221; title_text=&#8221;Img- 2025-01-31&#8211;56&#8243; _builder_version=&#8221;4.27.4&#8243; _module_preset=&#8221;da67ba06-0b57-4aa2-8cc1-fc814cab47ba&#8221; custom_margin=&#8221;||53px||false|false&#8221; hover_enabled=&#8221;0&#8243; global_colors_info=&#8221;{}&#8221; sticky_enabled=&#8221;0&#8243;][\/et_pb_image][et_pb_heading title=&#8221;Gottesdienst&#8221; _builder_version=&#8221;4.27.4&#8243; _module_preset=&#8221;59f599c4-b01e-4a9b-a0a5-f7b3e354c75a&#8221; custom_margin=&#8221;||0px||false|false&#8221; global_colors_info=&#8221;{}&#8221;][\/et_pb_heading][et_pb_text _builder_version=&#8221;4.27.4&#8243; _module_preset=&#8221;6efb6bbd-12a1-4834-b469-9798f4a40b40&#8243; custom_margin=&#8221;||10px||false|false&#8221; hover_enabled=&#8221;0&#8243; global_colors_info=&#8221;{}&#8221; sticky_enabled=&#8221;0&#8243;]<\/p>\n<p>Regelm\u00e4\u00dfige Gottesdienste finden sonntags in der Gemeinde Saal statt.<\/p>\n<p>[\/et_pb_text][\/et_pb_column][et_pb_column type=&#8221;1_4&#8243; _builder_version=&#8221;4.25.1&#8243; _module_preset=&#8221;default&#8221; global_colors_info=&#8221;{}&#8221;][et_pb_image src=&#8221;https:\/\/pfingstgemeinde-duisburg.de\/wp-content\/uploads\/2025\/02\/Img-2025-01-31-56-10.jpeg&#8221; title_text=&#8221;Img- 2025-01-31&#8211;56 (10)&#8221; _builder_version=&#8221;4.27.4&#8243; _module_preset=&#8221;da67ba06-0b57-4aa2-8cc1-fc814cab47ba&#8221; custom_margin=&#8221;||-62px||false|false&#8221; hover_enabled=&#8221;0&#8243; global_colors_info=&#8221;{}&#8221; sticky_enabled=&#8221;0&#8243; custom_padding=&#8221;|47px|0px|42px||&#8221;][\/et_pb_image][et_pb_heading title=&#8221;Ausbildung&#8221; _builder_version=&#8221;4.27.4&#8243; _module_preset=&#8221;59f599c4-b01e-4a9b-a0a5-f7b3e354c75a&#8221; custom_margin=&#8221;||0px||false|false&#8221; hover_enabled=&#8221;0&#8243; global_colors_info=&#8221;{}&#8221; background_color=&#8221;rgba(255,255,255,0.82)&#8221; sticky_enabled=&#8221;0&#8243;][\/et_pb_heading][et_pb_text _builder_version=&#8221;4.27.4&#8243; _module_preset=&#8221;6efb6bbd-12a1-4834-b469-9798f4a40b40&#8243; custom_margin=&#8221;||10px||false|false&#8221; hover_enabled=&#8221;0&#8243; global_colors_info=&#8221;{}&#8221; background_color=&#8221;rgba(255,255,255,0.83)&#8221; sticky_enabled=&#8221;0&#8243;]<\/p>\n<p>Wir bilden den Leib Christi zum Christlichen Lebesstil und auch als Diener Gottes aus.<\/p>\n<p>[\/et_pb_text][\/et_pb_column][et_pb_column type=&#8221;1_4&#8243; _builder_version=&#8221;4.25.1&#8243; _module_preset=&#8221;default&#8221; global_colors_info=&#8221;{}&#8221;][et_pb_image src=&#8221;https:\/\/pfingstgemeinde-duisburg.de\/wp-content\/uploads\/2025\/02\/Img-2025-01-31-56-8.jpeg&#8221; title_text=&#8221;Img- 2025-01-31&#8211;56 (8)&#8221; _builder_version=&#8221;4.27.4&#8243; _module_preset=&#8221;da67ba06-0b57-4aa2-8cc1-fc814cab47ba&#8221; custom_margin=&#8221;||||false|false&#8221; hover_enabled=&#8221;0&#8243; global_colors_info=&#8221;{}&#8221; sticky_enabled=&#8221;0&#8243;][\/et_pb_image][et_pb_heading title=&#8221;Evangelisation&#8221; _builder_version=&#8221;4.27.4&#8243; _module_preset=&#8221;59f599c4-b01e-4a9b-a0a5-f7b3e354c75a&#8221; custom_margin=&#8221;||0px||false|false&#8221; global_colors_info=&#8221;{}&#8221;][\/et_pb_heading][et_pb_text _builder_version=&#8221;4.27.4&#8243; _module_preset=&#8221;6efb6bbd-12a1-4834-b469-9798f4a40b40&#8243; custom_margin=&#8221;||10px||false|false&#8221; hover_enabled=&#8221;0&#8243; global_colors_info=&#8221;{}&#8221; sticky_enabled=&#8221;0&#8243;]<\/p>\n<p>Wir stecken uns zu unserer Umgebung aus &#8211; Familien, Einzelpersonen &#8211; jung und alt, aus allen Nationen.<\/p>\n<p>[\/et_pb_text][\/et_pb_column][et_pb_column type=&#8221;1_4&#8243; _builder_version=&#8221;4.25.1&#8243; _module_preset=&#8221;default&#8221; global_colors_info=&#8221;{}&#8221;][et_pb_image src=&#8221;https:\/\/pfingstgemeinde-duisburg.de\/wp-content\/uploads\/2025\/02\/Img-2025-01-31-57.jpeg&#8221; title_text=&#8221;Img- 2025-01-31&#8211;57&#8243; _builder_version=&#8221;4.27.4&#8243; _module_preset=&#8221;da67ba06-0b57-4aa2-8cc1-fc814cab47ba&#8221; custom_margin=&#8221;||12px||false|false&#8221; hover_enabled=&#8221;0&#8243; global_colors_info=&#8221;{}&#8221; sticky_enabled=&#8221;0&#8243;][\/et_pb_image][et_pb_heading title=&#8221;Jugend und Kinder&#8221; _builder_version=&#8221;4.27.4&#8243; _module_preset=&#8221;59f599c4-b01e-4a9b-a0a5-f7b3e354c75a&#8221; custom_margin=&#8221;||0px||false|false&#8221; hover_enabled=&#8221;0&#8243; global_colors_info=&#8221;{}&#8221; sticky_enabled=&#8221;0&#8243;][\/et_pb_heading][et_pb_text _builder_version=&#8221;4.27.4&#8243; _module_preset=&#8221;6efb6bbd-12a1-4834-b469-9798f4a40b40&#8243; custom_margin=&#8221;||10px||false|false&#8221; hover_enabled=&#8221;0&#8243; global_colors_info=&#8221;{}&#8221; sticky_enabled=&#8221;0&#8243;]<\/p>\n<p>Viele Familien haben kinder &#8211; auch das Pastoren-Ehepaar &#8211; und wir f\u00f6rdern ihr Verst\u00e4ndnis f\u00fcr das Wort Gottes und Leben als Christ.<\/p>\n<p>[\/et_pb_text][\/et_pb_column][\/et_pb_row][\/et_pb_section][et_pb_section fb_built=&#8221;1&#8243; admin_label=&#8221;Call to Action&#8221; _builder_version=&#8221;4.25.2&#8243; _module_preset=&#8221;210f8fcf-b94a-49ca-9121-f77773daaeb3&#8243; background_image=&#8221;https:\/\/pfingstgemeinde-duisburg.de\/wp-content\/uploads\/2025\/01\/non-profit-illustration-02.png&#8221; parallax=&#8221;on&#8221; custom_padding=&#8221;5vw||5vw||true|false&#8221; background_last_edited=&#8221;on|desktop&#8221; background_size_phone=&#8221;cover&#8221; locked=&#8221;off&#8221; collapsed=&#8221;on&#8221; global_colors_info=&#8221;{%22gcid-38dfb4bb-7215-4014-995e-8209875e07d3%22:%91%22background_color_gradient_stops%22%93}&#8221;][et_pb_row _builder_version=&#8221;4.25.2&#8243; _module_preset=&#8221;default&#8221; max_width=&#8221;700px&#8221; global_colors_info=&#8221;{}&#8221;][et_pb_column type=&#8221;4_4&#8243; _builder_version=&#8221;4.25.2&#8243; _module_preset=&#8221;default&#8221; global_colors_info=&#8221;{}&#8221;][et_pb_heading title=&#8221;Apostolisch Weltweit&#8221; _builder_version=&#8221;4.27.4&#8243; _module_preset=&#8221;9c893687-ec67-4d71-bd14-51846ddf40ec&#8221; title_text_align=&#8221;center&#8221; title_text_color=&#8221;#FFFFFF&#8221; global_colors_info=&#8221;{}&#8221;][\/et_pb_heading][et_pb_heading title=&#8221;Eine Globale Gemeinde&#8221; _builder_version=&#8221;4.27.4&#8243; _module_preset=&#8221;0282dd0d-8e79-4977-96d2-ef98d6d3d069&#8243; title_text_align=&#8221;center&#8221; title_text_color=&#8221;#FFFFFF&#8221; custom_margin=&#8221;||10px||false|false&#8221; global_colors_info=&#8221;{}&#8221;][\/et_pb_heading][et_pb_text _builder_version=&#8221;4.27.4&#8243; _module_preset=&#8221;a4d5bd0b-c6df-4efa-93df-b960974f4af4&#8243; text_orientation=&#8221;center&#8221; hover_enabled=&#8221;0&#8243; global_colors_info=&#8221;{}&#8221; sticky_enabled=&#8221;0&#8243;]<\/p>\n<h4>Wir geh\u00f6ren als Gemeinde der <a href=\"https:\/\/de.vpg.church\" target=\"_blank\" rel=\"noopener\">Vereinigten Pfingstgemeinde Deutschland<\/a> an.<\/h4>\n<p>Wir sind mit \u00fcber 40.000 Gemeinden weltweit in der Lehre, Liebe, und Kraft des Heiligen Geistes zusammen verbunden.\u00a0 Die Vereinigte Pfinstgemeinde Deutschland ist der Dachverein, der ein Teil der <a href=\"https:\/\/upci.eu\" target=\"_blank\" rel=\"noopener\">Europe Region <\/a>der <a href=\"http:\/\/upci.org\" target=\"_blank\" rel=\"noopener\">Vereinigten Pfingstgemeinde International <\/a>mit Hauptsitz nah bei St. Louis, Missouri, USA.<\/p>\n<p>[\/et_pb_text][\/et_pb_column][\/et_pb_row][et_pb_row column_structure=&#8221;1_2,1_2&#8243; _builder_version=&#8221;4.27.4&#8243; _module_preset=&#8221;default&#8221; global_colors_info=&#8221;{}&#8221;][et_pb_column type=&#8221;1_2&#8243; _builder_version=&#8221;4.27.4&#8243; _module_preset=&#8221;default&#8221; global_colors_info=&#8221;{}&#8221;][et_pb_button button_url=&#8221;https:\/\/de.vpg.church&#8221; url_new_window=&#8221;on&#8221; button_text=&#8221;VPG Deutschland&#8221; button_alignment=&#8221;center&#8221; _builder_version=&#8221;4.27.4&#8243; _module_preset=&#8221;ec232acc-c5d4-452c-a33a-229826290fa9&#8243; global_colors_info=&#8221;{}&#8221;][\/et_pb_button][\/et_pb_column][et_pb_column type=&#8221;1_2&#8243; _builder_version=&#8221;4.27.4&#8243; _module_preset=&#8221;default&#8221; global_colors_info=&#8221;{}&#8221;][et_pb_button button_url=&#8221;https:\/\/upci.org&#8221; url_new_window=&#8221;on&#8221; button_text=&#8221;VPG Weltweit (UPCI)&#8221; button_alignment=&#8221;center&#8221; _builder_version=&#8221;4.27.4&#8243; _module_preset=&#8221;ec232acc-c5d4-452c-a33a-229826290fa9&#8243; global_colors_info=&#8221;{}&#8221;][\/et_pb_button][\/et_pb_column][\/et_pb_row][\/et_pb_section][et_pb_section fb_built=&#8221;1&#8243; admin_label=&#8221;Stats&#8221; _builder_version=&#8221;4.25.2&#8243; _module_preset=&#8221;5ca0172d-92d0-465d-bd0d-1f5afa9d3ac6&#8243; custom_padding=&#8221;57px|||||&#8221; collapsed=&#8221;on&#8221; global_colors_info=&#8221;{}&#8221;][et_pb_row column_structure=&#8221;1_4,1_4,1_4,1_4&#8243; _builder_version=&#8221;4.27.4&#8243; _module_preset=&#8221;default&#8221; link_option_url=&#8221;https:\/\/upci.org\/stats\/&#8221; link_option_url_new_window=&#8221;on&#8221; global_colors_info=&#8221;{}&#8221;][et_pb_column type=&#8221;1_4&#8243; _builder_version=&#8221;4.25.1&#8243; _module_preset=&#8221;default&#8221; global_colors_info=&#8221;{}&#8221;][et_pb_number_counter number=&#8221;45.500&#8243; percent_sign=&#8221;off&#8221; _builder_version=&#8221;4.27.4&#8243; _module_preset=&#8221;2bab2e0f-7a9f-45ec-8fb2-336fbaaa4e3c&#8221; number_text_color=&#8221;gcid-primary-color&#8221; number_font_size=&#8221;50px&#8221; locked=&#8221;off&#8221; global_colors_info=&#8221;{%22gcid-1f1b4e15-7cc6-4e13-8154-74d77a956460%22:%91%22quote_border_color%22,%22link_text_color%22,%22quote_text_color%22,%22quote_border_color%22,%22link_text_color%22,%22quote_text_color%22%93,%22gcid-d7cd5a78-aaef-4f36-82a3-4d3706015cba%22:%91%22link_text_color%22,%22link_text_color%22%93,%22gcid-primary-color%22:%91%22number_text_color%22%93}&#8221;][\/et_pb_number_counter][et_pb_text _builder_version=&#8221;4.27.4&#8243; _module_preset=&#8221;a4d5bd0b-c6df-4efa-93df-b960974f4af4&#8243; text_orientation=&#8221;center&#8221;]<\/p>\n<p>Gemeinden weltweit<\/p>\n<p>[\/et_pb_text][\/et_pb_column][et_pb_column type=&#8221;1_4&#8243; _builder_version=&#8221;4.25.1&#8243; _module_preset=&#8221;default&#8221; global_colors_info=&#8221;{}&#8221;][et_pb_number_counter number=&#8221;5.876.000&#8243; percent_sign=&#8221;off&#8221; _builder_version=&#8221;4.27.4&#8243; _module_preset=&#8221;2bab2e0f-7a9f-45ec-8fb2-336fbaaa4e3c&#8221; number_text_color=&#8221;#FFFFFF&#8221; number_font_size=&#8221;50px&#8221; custom_margin=&#8221;|-9px||-10px||&#8221; locked=&#8221;off&#8221; global_colors_info=&#8221;{%22gcid-1f1b4e15-7cc6-4e13-8154-74d77a956460%22:%91%22quote_border_color%22,%22link_text_color%22,%22quote_text_color%22,%22quote_border_color%22,%22link_text_color%22,%22quote_text_color%22%93}&#8221;][\/et_pb_number_counter][et_pb_text _builder_version=&#8221;4.27.4&#8243; _module_preset=&#8221;a4d5bd0b-c6df-4efa-93df-b960974f4af4&#8243; text_orientation=&#8221;center&#8221;]<\/p>\n<p>Gl\u00e4ubige weltweit<\/p>\n<p>[\/et_pb_text][\/et_pb_column][et_pb_column type=&#8221;1_4&#8243; _builder_version=&#8221;4.25.1&#8243; _module_preset=&#8221;default&#8221; global_colors_info=&#8221;{}&#8221;][et_pb_number_counter number=&#8221;45.880&#8243; percent_sign=&#8221;off&#8221; _builder_version=&#8221;4.27.4&#8243; _module_preset=&#8221;2bab2e0f-7a9f-45ec-8fb2-336fbaaa4e3c&#8221; number_text_color=&#8221;gcid-secondary-color&#8221; number_font_size=&#8221;50px&#8221; locked=&#8221;off&#8221; global_colors_info=&#8221;{%22gcid-1f1b4e15-7cc6-4e13-8154-74d77a956460%22:%91%22quote_border_color%22,%22link_text_color%22,%22quote_text_color%22,%22quote_border_color%22,%22link_text_color%22,%22quote_text_color%22,%22quote_border_color%22,%22link_text_color%22,%22quote_text_color%22%93,%22gcid-d7cd5a78-aaef-4f36-82a3-4d3706015cba%22:%91%22link_text_color%22%93,%22gcid-secondary-color%22:%91%22number_text_color%22%93}&#8221;][\/et_pb_number_counter][et_pb_text _builder_version=&#8221;4.27.4&#8243; _module_preset=&#8221;a4d5bd0b-c6df-4efa-93df-b960974f4af4&#8243; text_orientation=&#8221;center&#8221;]<\/p>\n<p>Prediger weltweit<\/p>\n<p>[\/et_pb_text][\/et_pb_column][et_pb_column type=&#8221;1_4&#8243; _builder_version=&#8221;4.25.1&#8243; _module_preset=&#8221;default&#8221; global_colors_info=&#8221;{}&#8221;][et_pb_number_counter number=&#8221;231&#8243; percent_sign=&#8221;off&#8221; _builder_version=&#8221;4.27.4&#8243; _module_preset=&#8221;2bab2e0f-7a9f-45ec-8fb2-336fbaaa4e3c&#8221; number_text_color=&#8221;#FFFFFF&#8221; number_font_size=&#8221;50px&#8221; custom_margin=&#8221;|-9px||-10px||&#8221; locked=&#8221;off&#8221; global_colors_info=&#8221;{%22gcid-1f1b4e15-7cc6-4e13-8154-74d77a956460%22:%91%22quote_border_color%22,%22link_text_color%22,%22quote_text_color%22,%22quote_border_color%22,%22link_text_color%22,%22quote_text_color%22%93}&#8221;][\/et_pb_number_counter][et_pb_text _builder_version=&#8221;4.27.4&#8243; _module_preset=&#8221;a4d5bd0b-c6df-4efa-93df-b960974f4af4&#8243; text_orientation=&#8221;center&#8221;]<\/p>\n<p>L\u00e4nder<\/p>\n<p>[\/et_pb_text][\/et_pb_column][\/et_pb_row][\/et_pb_section][et_pb_section fb_built=&#8221;1&#8243; admin_label=&#8221;Call to Action&#8221; _builder_version=&#8221;4.27.4&#8243; _module_preset=&#8221;903608f7-e57f-4dd6-9c67-77df3a52a79b&#8221; background_image=&#8221;https:\/\/pfingstgemeinde-duisburg.de\/wp-content\/uploads\/2019\/09\/sky-dark-sand-below-1.jpg&#8221; parallax=&#8221;on&#8221; custom_padding=&#8221;8vw||8vw||true|false&#8221; collapsed=&#8221;on&#8221; global_colors_info=&#8221;{}&#8221;][et_pb_row _builder_version=&#8221;4.25.2&#8243; _module_preset=&#8221;default&#8221; global_colors_info=&#8221;{}&#8221;][et_pb_column type=&#8221;4_4&#8243; _builder_version=&#8221;4.25.1&#8243; _module_preset=&#8221;default&#8221; global_colors_info=&#8221;{}&#8221;][et_pb_text _builder_version=&#8221;4.27.4&#8243; _module_preset=&#8221;default&#8221; header_2_text_color=&#8221;#FFFFFF&#8221; global_colors_info=&#8221;{}&#8221; disabled_on=&#8221;on|on|on&#8221; disabled=&#8221;on&#8221;]<\/p>\n<h2>Beeindr\u00fcckender Text hier.\u00a0 \ud83d\ude00<\/h2>\n<p>[\/et_pb_text][et_pb_button button_text=&#8221;Donate Now&#8221; disabled_on=&#8221;on|on|on&#8221; _builder_version=&#8221;4.25.1&#8243; _module_preset=&#8221;ad1327f9-53bb-4a56-8866-b634379242f6&#8243; disabled=&#8221;on&#8221; global_colors_info=&#8221;{}&#8221;][\/et_pb_button][\/et_pb_column][\/et_pb_row][\/et_pb_section][et_pb_section fb_built=&#8221;1&#8243; specialty=&#8221;on&#8221; disabled_on=&#8221;on|on|on&#8221; admin_label=&#8221;Get Involved&#8221; _builder_version=&#8221;4.25.1&#8243; _module_preset=&#8221;default&#8221; disabled=&#8221;on&#8221; collapsed=&#8221;on&#8221; global_colors_info=&#8221;{}&#8221;][et_pb_column type=&#8221;1_2&#8243; _builder_version=&#8221;4.16&#8243; custom_padding=&#8221;|||&#8221; global_colors_info=&#8221;{}&#8221; custom_padding__hover=&#8221;|||&#8221;][et_pb_heading title=&#8221;How You Can Help&#8221; _builder_version=&#8221;4.25.2&#8243; _module_preset=&#8221;9c893687-ec67-4d71-bd14-51846ddf40ec&#8221; title_text_color=&#8221;gcid-primary-color&#8221; custom_margin=&#8221;||0px||false|false&#8221; locked=&#8221;off&#8221; global_colors_info=&#8221;{%22gcid-primary-color%22:%91%22title_text_color%22%93}&#8221;][\/et_pb_heading][et_pb_heading title=&#8221;Getting Involved&#8221; _builder_version=&#8221;4.25.1&#8243; _module_preset=&#8221;0282dd0d-8e79-4977-96d2-ef98d6d3d069&#8243; global_colors_info=&#8221;{}&#8221;][\/et_pb_heading][et_pb_blurb title=&#8221;Become a Volunteer&#8221; use_icon=&#8221;on&#8221; font_icon=&#8221;&#x52;||divi||400&#8243; _builder_version=&#8221;4.25.1&#8243; _module_preset=&#8221;03e46063-7fc3-4f61-a3fb-9fb30369f371&#8243; global_colors_info=&#8221;{}&#8221;]<\/p>\n<p>Lend a hand and make an impact by becoming a volunteer. From local events to global projects, your time and effort are invaluable in bringing clean water to communities around the world.<\/p>\n<p>[\/et_pb_blurb][et_pb_blurb title=&#8221;Make a Donation&#8221; use_icon=&#8221;on&#8221; font_icon=&#8221;&#x52;||divi||400&#8243; _builder_version=&#8221;4.25.1&#8243; _module_preset=&#8221;03e46063-7fc3-4f61-a3fb-9fb30369f371&#8243; global_colors_info=&#8221;{}&#8221;]<\/p>\n<p>Support our mission by making a donation today. Your generous contribution helps fund essential water projects and brings hope and health to those without access to clean water.<\/p>\n<p>[\/et_pb_blurb][et_pb_button button_text=&#8221;Learn mOre&#8221; _builder_version=&#8221;4.25.1&#8243; _module_preset=&#8221;ad1327f9-53bb-4a56-8866-b634379242f6&#8243; global_colors_info=&#8221;{}&#8221;][\/et_pb_button][\/et_pb_column][et_pb_column type=&#8221;1_2&#8243; specialty_columns=&#8221;2&#8243; _builder_version=&#8221;4.16&#8243; custom_padding=&#8221;|||&#8221; global_colors_info=&#8221;{}&#8221; custom_padding__hover=&#8221;|||&#8221;][et_pb_row_inner column_structure=&#8221;1_2,1_2&#8243; use_custom_gutter=&#8221;on&#8221; gutter_width=&#8221;2&#8243; _builder_version=&#8221;4.25.1&#8243; _module_preset=&#8221;default&#8221; global_colors_info=&#8221;{}&#8221;][et_pb_column_inner type=&#8221;1_2&#8243; saved_specialty_column_type=&#8221;1_2&#8243; _builder_version=&#8221;4.25.1&#8243; _module_preset=&#8221;default&#8221; global_colors_info=&#8221;{}&#8221;][et_pb_image src=&#8221;https:\/\/pfingstgemeinde-duisburg.de\/wp-content\/uploads\/2025\/01\/non-profit-10.jpg&#8221; title_text=&#8221;non-profit-10&#8243; _builder_version=&#8221;4.25.2&#8243; _module_preset=&#8221;da67ba06-0b57-4aa2-8cc1-fc814cab47ba&#8221; global_colors_info=&#8221;{}&#8221;][\/et_pb_image][et_pb_image src=&#8221;https:\/\/pfingstgemeinde-duisburg.de\/wp-content\/uploads\/2025\/01\/non-profit-05.jpg&#8221; title_text=&#8221;non-profit-05&#8243; _builder_version=&#8221;4.25.2&#8243; _module_preset=&#8221;da67ba06-0b57-4aa2-8cc1-fc814cab47ba&#8221; custom_margin=&#8221;30px||||false|false&#8221; custom_margin_last_edited=&#8221;off|phone&#8221; global_colors_info=&#8221;{}&#8221;][\/et_pb_image][\/et_pb_column_inner][et_pb_column_inner type=&#8221;1_2&#8243; saved_specialty_column_type=&#8221;1_2&#8243; _builder_version=&#8221;4.25.1&#8243; _module_preset=&#8221;default&#8221; global_colors_info=&#8221;{}&#8221;][et_pb_image src=&#8221;https:\/\/pfingstgemeinde-duisburg.de\/wp-content\/uploads\/2025\/01\/non-profit-09.jpg&#8221; title_text=&#8221;non-profit-09&#8243; _builder_version=&#8221;4.25.2&#8243; _module_preset=&#8221;da67ba06-0b57-4aa2-8cc1-fc814cab47ba&#8221; locked=&#8221;off&#8221; global_colors_info=&#8221;{}&#8221;][\/et_pb_image][et_pb_image src=&#8221;https:\/\/pfingstgemeinde-duisburg.de\/wp-content\/uploads\/2025\/01\/non-profit-04.jpg&#8221; title_text=&#8221;non-profit-04&#8243; _builder_version=&#8221;4.25.2&#8243; _module_preset=&#8221;da67ba06-0b57-4aa2-8cc1-fc814cab47ba&#8221; custom_margin=&#8221;30px||||false|false&#8221; locked=&#8221;off&#8221; global_colors_info=&#8221;{}&#8221;][\/et_pb_image][\/et_pb_column_inner][\/et_pb_row_inner][\/et_pb_column][\/et_pb_section][et_pb_section fb_built=&#8221;1&#8243; disabled_on=&#8221;on|on|on&#8221; admin_label=&#8221;Call to Action&#8221; _builder_version=&#8221;4.25.2&#8243; _module_preset=&#8221;8e8869c8-804c-4f0a-b398-edb99486105d&#8221; custom_margin=&#8221;||||false&#8221; custom_padding=&#8221;5vw||5vw||true|false&#8221; disabled=&#8221;on&#8221; locked=&#8221;off&#8221; collapsed=&#8221;on&#8221; global_colors_info=&#8221;{}&#8221;][et_pb_row _builder_version=&#8221;4.25.2&#8243; _module_preset=&#8221;default&#8221; global_colors_info=&#8221;{}&#8221;][et_pb_column type=&#8221;4_4&#8243; _builder_version=&#8221;4.25.1&#8243; _module_preset=&#8221;default&#8221; global_colors_info=&#8221;{}&#8221;][et_pb_heading title=&#8221;Join Us in the Journey to Revive and Protect These Underwater Wonderlands for Future Generations.&#8221; _builder_version=&#8221;4.25.2&#8243; _module_preset=&#8221;0282dd0d-8e79-4977-96d2-ef98d6d3d069&#8243; title_text_align=&#8221;center&#8221; global_colors_info=&#8221;{}&#8221;][\/et_pb_heading][et_pb_button button_text=&#8221;Get Involved&#8221; button_alignment=&#8221;center&#8221; _builder_version=&#8221;4.25.2&#8243; _module_preset=&#8221;ad1327f9-53bb-4a56-8866-b634379242f6&#8243; global_colors_info=&#8221;{}&#8221;][\/et_pb_button][\/et_pb_column][\/et_pb_row][\/et_pb_section]<\/p>\n","protected":false},"excerpt":{"rendered":"<p>Apostolisch in der Lehre &#8211; Pfingstlich in der Anbetung &#8211; Christus\u00e4hnlich in der LiebeWe have recycled 75% of the waste from our clean-up initiatives, significantly reducing ocean plastic and pollutants.Showcasing ongoing research projects, technological innovations to ocean preservation.Wir kommen zusammen als Gemeinde um uns gegenseitig zu st\u00e4rken &#8211; in dem Fundament: dem Wort Gottes.Wir kommen [&hellip;]<\/p>\n","protected":false},"author":1,"featured_media":0,"parent":0,"menu_order":0,"comment_status":"closed","ping_status":"closed","template":"","meta":{"_et_pb_use_builder":"on","_et_pb_old_content":"","_et_gb_content_width":"","footnotes":""},"class_list":["post-67","page","type-page","status-publish","hentry"],"_links":{"self":[{"href":"https:\/\/pfingstgemeinde-duisburg.de\/index.php?rest_route=\/wp\/v2\/pages\/67","targetHints":{"allow":["GET"]}}],"collection":[{"href":"https:\/\/pfingstgemeinde-duisburg.de\/index.php?rest_route=\/wp\/v2\/pages"}],"about":[{"href":"https:\/\/pfingstgemeinde-duisburg.de\/index.php?rest_route=\/wp\/v2\/types\/page"}],"author":[{"embeddable":true,"href":"https:\/\/pfingstgemeinde-duisburg.de\/index.php?rest_route=\/wp\/v2\/users\/1"}],"replies":[{"embeddable":true,"href":"https:\/\/pfingstgemeinde-duisburg.de\/index.php?rest_route=%2Fwp%2Fv2%2Fcomments&post=67"}],"version-history":[{"count":26,"href":"https:\/\/pfingstgemeinde-duisburg.de\/index.php?rest_route=\/wp\/v2\/pages\/67\/revisions"}],"predecessor-version":[{"id":1284,"href":"https:\/\/pfingstgemeinde-duisburg.de\/index.php?rest_route=\/wp\/v2\/pages\/67\/revisions\/1284"}],"wp:attachment":[{"href":"https:\/\/pfingstgemeinde-duisburg.de\/index.php?rest_route=%2Fwp%2Fv2%2Fmedia&parent=67"}],"curies":[{"name":"wp","href":"https:\/\/api.w.org\/{rel}","templated":true}]}}